{"id":2861,"date":"2021-09-24T15:29:16","date_gmt":"2021-09-24T18:29:16","guid":{"rendered":"https:\/\/ensalcira-cba.infd.edu.ar\/sitio\/?page_id=2861"},"modified":"2021-09-24T15:29:17","modified_gmt":"2021-09-24T18:29:17","slug":"jornada-%c2%93memoria-reciente-de-la-ultima-dictadura-civico-militar-en-el-contexto-cordobes%c2%94-2","status":"publish","type":"page","link":"https:\/\/ensalcira-cba.infd.edu.ar\/sitio\/jornada-%c2%93memoria-reciente-de-la-ultima-dictadura-civico-militar-en-el-contexto-cordobes%c2%94-2\/","title":{"rendered":"Jornada: \u0093Memoria reciente de la \u00faltima dictadura c\u00edvico militar en el contexto cordob\u00e9s\u0094"},"content":{"rendered":"\n<p>El d\u00eda 24 de octubre del a\u00f1o 2017 en las instalaciones de nuestra Instituci\u00f3n, se desarroll\u00f3 dicha Jornada con la\u00a0presentaci\u00f3n de Investigaciones realizadas por los docentes de Nivel Superior de nuestra escuela:\u00a0<strong>DGES (2012-2013) e\u00a0INFOD (2014-2015)<\/strong>. Tambi\u00e9n, en la Jornada tuvimos la participaci\u00f3n del Dr. Eduardo Escudero explicando la\u00a0<strong>Contextualizaci\u00f3n de la \u201cMemoria Reciente\u201d<\/strong> en el \u00e1mbito de las Ciencias Sociales; y la presentaci\u00f3n del libro\u00a0<strong>\u201cTrilog\u00eda: Relatos de luchas, vidas y esperanzas\u201d<\/strong>, por el autor Norberto Negro Schiavoni.<\/p>\n","protected":false},"excerpt":{"rendered":"<p>El d\u00eda 24 de octubre del a\u00f1o 2017 en las instalaciones de nuestra Instituci\u00f3n, se desarroll\u00f3 dicha Jornada con la\u00a0presentaci\u00f3n de Investigaciones realizadas por los docentes de Nivel Superior de nuestra escuela:\u00a0DGES (2012-2013) e\u00a0INFOD (2014-2015). Tambi\u00e9n, en la Jornada tuvimos la participaci\u00f3n del Dr. Eduardo Escudero explicando la\u00a0Contextualizaci\u00f3n de la \u201cMemoria Reciente\u201d en el \u00e1mbito &#8230; <a title=\"Jornada: \u0093Memoria reciente de la \u00faltima dictadura c\u00edvico militar en el contexto cordob\u00e9s\u0094\" class=\"read-more\" href=\"https:\/\/ensalcira-cba.infd.edu.ar\/sitio\/jornada-%c2%93memoria-reciente-de-la-ultima-dictadura-civico-militar-en-el-contexto-cordobes%c2%94-2\/\" aria-label=\"More on Jornada: \u0093Memoria reciente de la \u00faltima dictadura c\u00edvico militar en el contexto cordob\u00e9s\u0094\">[+]<\/a><\/p>\n","protected":false},"author":302,"featured_media":0,"parent":0,"menu_order":0,"comment_status":"closed","ping_status":"closed","template":"","meta":[],"acf":[],"_links":{"self":[{"href":"https:\/\/ensalcira-cba.infd.edu.ar\/sitio\/wp-json\/wp\/v2\/pages\/2861"}],"collection":[{"href":"https:\/\/ensalcira-cba.infd.edu.ar\/sitio\/wp-json\/wp\/v2\/pages"}],"about":[{"href":"https:\/\/ensalcira-cba.infd.edu.ar\/sitio\/wp-json\/wp\/v2\/types\/page"}],"author":[{"embeddable":true,"href":"https:\/\/ensalcira-cba.infd.edu.ar\/sitio\/wp-json\/wp\/v2\/users\/302"}],"replies":[{"embeddable":true,"href":"https:\/\/ensalcira-cba.infd.edu.ar\/sitio\/wp-json\/wp\/v2\/comments?post=2861"}],"version-history":[{"count":1,"href":"https:\/\/ensalcira-cba.infd.edu.ar\/sitio\/wp-json\/wp\/v2\/pages\/2861\/revisions"}],"predecessor-version":[{"id":2863,"href":"https:\/\/ensalcira-cba.infd.edu.ar\/sitio\/wp-json\/wp\/v2\/pages\/2861\/revisions\/2863"}],"wp:attachment":[{"href":"https:\/\/ensalcira-cba.infd.edu.ar\/sitio\/wp-json\/wp\/v2\/media?parent=2861"}],"curies":[{"name":"wp","href":"https:\/\/api.w.org\/{rel}","templated":true}]}}