{"id":1249,"date":"2018-08-30T15:11:20","date_gmt":"2018-08-30T18:11:20","guid":{"rendered":"https:\/\/ensalcira-cba.infd.edu.ar\/sitio\/coleccion\/"},"modified":"2020-10-28T09:06:52","modified_gmt":"2020-10-28T12:06:52","slug":"coleccion","status":"publish","type":"page","link":"https:\/\/ensalcira-cba.infd.edu.ar\/sitio\/coleccion\/","title":{"rendered":"Colecci\u00f3n Bibliogr\u00e1fica"},"content":{"rendered":"<p><span style=\"font-size: 12pt;\">La <strong>Biblioteca Escolar \u201cAtahualpa Yupanqui\u201d<\/strong> cuenta con:<\/span><\/p>\n<ul>\n<li>\u00a0<span style=\"color: #000000; font-size: 12pt;\"><strong><em><span style=\"text-decoration: underline;\">Material Bibliogr\u00e1fico:<span style=\"font-size: 12pt;\"><img decoding=\"async\" loading=\"lazy\" style=\"float: right; border: black 8px solid;\" title=\"\" src=\"https:\/\/ensalcira-cba.infd.edu.ar\/sitio\/wp-content\/uploads\/2018\/08\/Libros-antiguos.jpg\" width=\"189\" height=\"221\" border=\"0\" \/><\/span><\/span><\/em><\/strong><\/span><\/li>\n<\/ul>\n<p><span style=\"color: #ff0000;\">*<\/span> <span style=\"font-size: 10pt;\">Obras de Referencia.<\/span><\/p>\n<p><span style=\"font-size: 10pt;\">\u00a0\u00a0\u00a0\u00a0\u00a0\u00a0\u00a0\u00a0\u00a0\u00a0\u00a0\u00a0\u00a0\u00a0\u00a0\u00a0\u00a0\u00a0\u00a0\u00a0\u00a0<span style=\"color: #ff0000;\"> *<\/span> Libros de Estudio y Formaci\u00f3n.<\/span><\/p>\n<p><span style=\"font-size: 10pt;\">\u00a0\u00a0\u00a0\u00a0\u00a0\u00a0\u00a0\u00a0\u00a0\u00a0\u00a0\u00a0\u00a0\u00a0\u00a0\u00a0\u00a0\u00a0\u00a0\u00a0\u00a0 <span style=\"color: #ff0000;\">*<\/span> Manuales para el Nivel Primario.<\/span><\/p>\n<p><span style=\"font-size: 10pt;\">\u00a0\u00a0\u00a0\u00a0\u00a0\u00a0\u00a0\u00a0\u00a0\u00a0\u00a0\u00a0\u00a0\u00a0\u00a0\u00a0\u00a0\u00a0\u00a0\u00a0\u00a0<span style=\"color: #ff0000;\">\u00a0*<\/span> Obras para el Docente.<\/span><\/p>\n<p><span style=\"font-size: 10pt;\">\u00a0\u00a0\u00a0\u00a0\u00a0\u00a0\u00a0\u00a0\u00a0\u00a0\u00a0\u00a0\u00a0\u00a0\u00a0\u00a0\u00a0\u00a0\u00a0\u00a0\u00a0\u00a0<span style=\"color: #ff0000;\">*<\/span> Publicaciones Peri\u00f3dicas.<\/span><\/p>\n<p><span style=\"font-size: 10pt;\">\u00a0\u00a0\u00a0\u00a0\u00a0\u00a0\u00a0\u00a0\u00a0\u00a0\u00a0\u00a0\u00a0\u00a0\u00a0\u00a0\u00a0\u00a0\u00a0\u00a0\u00a0\u00a0<span style=\"color: #ff0000;\"> *<\/span> Documentos.<\/span><\/p>\n<p><span style=\"font-size: 10pt;\">\u00a0\u00a0\u00a0\u00a0\u00a0\u00a0\u00a0\u00a0\u00a0\u00a0\u00a0\u00a0\u00a0\u00a0\u00a0\u00a0\u00a0\u00a0\u00a0\u00a0\u00a0\u00a0<span style=\"color: #ff0000;\">\u00a0*<\/span> Amplia colecci\u00f3n Literaria.<\/span><\/p>\n<p><span style=\"font-size: 10pt;\">\u00a0\u00a0\u00a0\u00a0\u00a0\u00a0\u00a0\u00a0\u00a0\u00a0\u00a0\u00a0\u00a0\u00a0\u00a0\u00a0\u00a0\u00a0\u00a0\u00a0\u00a0\u00a0 <span style=\"color: #ff0000;\">*\u00a0<\/span>L\u00e1minas.<\/span><\/p>\n<p><span style=\"font-size: 10pt;\">\u00a0\u00a0\u00a0\u00a0\u00a0\u00a0\u00a0\u00a0\u00a0\u00a0\u00a0\u00a0\u00a0\u00a0\u00a0\u00a0\u00a0\u00a0\u00a0\u00a0\u00a0\u00a0\u00a0<span style=\"color: #ff0000;\">*<\/span> Folletos.<\/span><\/p>\n<ul>\n<li>\u00a0<span style=\"font-size: 12pt;\"><strong><em><span style=\"text-decoration: underline;\">Colecci\u00f3n<\/span><\/em><\/strong><strong><span style=\"text-decoration: underline;\"> <em>Especial<\/em>:<\/span><\/strong><\/span><\/li>\n<\/ul>\n<p><span style=\"color: #ff0000;\"> *<\/span> <span style=\"font-size: 10pt;\">Colecci\u00f3n de Obras completas de cr\u00edtica Literaria de \u00a0<\/span><\/p>\n<p><span style=\"font-size: 10pt;\">\u00a0\u00a0\u00a0\u00a0\u00a0\u00a0\u00a0\u00a0\u00a0\u00a0\u00a0\u00a0\u00a0\u00a0\u00a0\u00a0\u00a0\u00a0\u00a0\u00a0\u00a0\u00a0<span style=\"color: #ff0000;\">\u00a0\u00a0 <\/span>Marcelino\u00a0 Men\u00e9ndez Pelayo (Doctorado en Filosof\u00eda y\u00a0\u00a0Letras).<\/span><\/p>\n<p><span style=\"font-size: 10pt;\">\u00a0\u00a0\u00a0\u00a0\u00a0\u00a0\u00a0\u00a0\u00a0\u00a0\u00a0\u00a0\u00a0\u00a0\u00a0\u00a0\u00a0\u00a0\u00a0\u00a0\u00a0\u00a0\u00a0\u00a0\u00a0 (32 vol\u00famenes).<\/span><\/p>\n<p><span style=\"font-size: 10pt;\">\u00a0\u00a0\u00a0\u00a0\u00a0\u00a0\u00a0\u00a0\u00a0\u00a0\u00a0\u00a0\u00a0\u00a0\u00a0\u00a0\u00a0\u00a0\u00a0\u00a0\u00a0\u00a0 <span style=\"color: #ff0000;\">*<\/span> Libros Espirituales del a\u00f1o 1893 -1944 y 1945.<\/span><\/p>\n<p><span style=\"font-size: 10pt;\">\u00a0\u00a0\u00a0\u00a0\u00a0\u00a0\u00a0\u00a0\u00a0\u00a0\u00a0\u00a0\u00a0\u00a0\u00a0\u00a0\u00a0\u00a0\u00a0\u00a0\u00a0\u00a0\u00a0<span style=\"color: #ff0000;\">*<\/span> Libro de lectura, a\u00f1o 1955.<\/span><\/p>\n<p><span style=\"font-size: 10pt;\">\u00a0\u00a0\u00a0\u00a0\u00a0\u00a0\u00a0\u00a0\u00a0\u00a0\u00a0\u00a0\u00a0\u00a0\u00a0\u00a0\u00a0\u00a0\u00a0\u00a0\u00a0\u00a0\u00a0 <span style=\"color: #ff0000;\">*<\/span> Libros encuadernados en cuero repujado.\u00a0<\/span><\/p>\n<p><span style=\"font-size: 10pt;\">\u00a0\u00a0\u00a0\u00a0\u00a0\u00a0\u00a0\u00a0\u00a0\u00a0\u00a0\u00a0\u00a0\u00a0\u00a0\u00a0\u00a0\u00a0\u00a0\u00a0\u00a0\u00a0\u00a0<strong>\u00a0<\/strong><span style=\"color: #ff0000;\">*<\/span> Colecci\u00f3n de Historia Universal. (6 vol\u00famenes).<\/span><\/p>\n<p><span style=\"font-size: 10pt;\">\u00a0\u00a0\u00a0\u00a0\u00a0\u00a0\u00a0\u00a0\u00a0\u00a0\u00a0\u00a0\u00a0\u00a0\u00a0\u00a0\u00a0\u00a0\u00a0\u00a0\u00a0\u00a0\u00a0<span style=\"color: #ff0000;\">\u00a0*<\/span> Colecci\u00f3n de Historia Argentina Contempor\u00e1nea. (11 vol\u00famenes).<\/span><\/p>\n<p><span style=\"font-size: 10pt;\">\u00a0\u00a0\u00a0\u00a0\u00a0\u00a0\u00a0\u00a0\u00a0\u00a0\u00a0\u00a0\u00a0\u00a0\u00a0\u00a0\u00a0\u00a0\u00a0\u00a0\u00a0\u00a0\u00a0\u00a0<span style=\"color: #ff0000;\">*<\/span> Colecci\u00f3n Historia dela Literatura Argentina.(9 vol\u00famenes).<\/span><\/p>\n<p><span style=\"font-size: 10pt;\">\u00a0\u00a0\u00a0\u00a0\u00a0\u00a0\u00a0\u00a0\u00a0\u00a0\u00a0\u00a0\u00a0\u00a0\u00a0\u00a0\u00a0\u00a0\u00a0\u00a0\u00a0\u00a0\u00a0<span style=\"color: #ff0000;\">\u00a0*<\/span> Obras de m\u00fasica cl\u00e1sica moderna. (5 vol\u00famenes).<\/span><\/p>\n<p><span style=\"font-size: 10pt;\">\u00a0\u00a0\u00a0\u00a0\u00a0\u00a0\u00a0\u00a0\u00a0\u00a0\u00a0\u00a0\u00a0\u00a0\u00a0\u00a0\u00a0\u00a0\u00a0\u00a0\u00a0\u00a0\u00a0\u00a0<span style=\"color: #ff0000;\">*<\/span> Obra de prueba de Mujeres ignatas y famosas que hicieron la\u00a0Am\u00e9rica.<\/span><\/p>\n<ul>\n<li>\u00a0<span style=\"font-size: 12pt;\"><strong><em><span style=\"text-decoration: underline;\">Colecci\u00f3n<\/span><\/em><\/strong><strong><span style=\"text-decoration: underline;\"> <em>Especial en Fasc\u00edculos ilustrados en color:<\/em><\/span><\/strong><\/span><strong><em> (<\/em><\/strong><strong><em>Obra completa)<\/em><\/strong><strong>:<\/strong><\/li>\n<\/ul>\n<p><span style=\"font-size: 10pt;\"><span style=\"color: #ff0000;\">\u00a0*<\/span> Geograf\u00eda Universal.<\/span><\/p>\n<p><span style=\"font-size: 10pt;\">\u00a0\u00a0\u00a0\u00a0\u00a0\u00a0\u00a0\u00a0\u00a0\u00a0\u00a0\u00a0\u00a0\u00a0\u00a0\u00a0\u00a0\u00a0\u00a0\u00a0\u00a0\u00a0\u00a0\u00a0<span style=\"color: #ff0000;\">\u00a0*\u00a0<\/span>Historia Argentina.<\/span><\/p>\n<p><span style=\"font-size: 10pt;\">\u00a0\u00a0\u00a0\u00a0\u00a0\u00a0\u00a0\u00a0\u00a0\u00a0\u00a0\u00a0\u00a0\u00a0\u00a0\u00a0\u00a0\u00a0\u00a0\u00a0\u00a0\u00a0\u00a0\u00a0\u00a0<span style=\"color: #ff0000;\">*\u00a0<\/span>Historia Universal.<\/span><\/p>\n<p><span style=\"font-size: 10pt;\">\u00a0\u00a0\u00a0\u00a0\u00a0\u00a0\u00a0\u00a0\u00a0\u00a0\u00a0\u00a0\u00a0\u00a0\u00a0\u00a0\u00a0\u00a0\u00a0\u00a0\u00a0\u00a0\u00a0\u00a0<span style=\"color: #ff0000;\"> *<\/span> \u201cEl Quijote\u201d, Miguel de Cervantes Saavedra.<\/span><\/p>\n<ul>\n<li>\u00a0<span style=\"font-size: 12pt;\"><strong><em><span style=\"text-decoration: underline;\">Material Audiovisual:<\/span> <\/em><\/strong><strong><em>(Educativos y\/o recreativos)<\/em><\/strong>\u00a0<\/span><\/li>\n<\/ul>\n<p><span style=\"font-size: 10pt;\">\u00a0\u00a0\u00a0\u00a0\u00a0<span style=\"color: #ff0000;\">\u00a0\u00a0 *<\/span> V\u00ecdeo Casete.<\/span><\/p>\n<p><span style=\"font-size: 10pt;\">\u00a0\u00a0\u00a0\u00a0\u00a0\u00a0\u00a0\u00a0\u00a0\u00a0\u00a0\u00a0\u00a0\u00a0\u00a0\u00a0\u00a0\u00a0\u00a0\u00a0\u00a0\u00a0\u00a0<span style=\"color: #ff0000;\">\u00a0 *<\/span> CD-ROM.<\/span><\/p>\n<p><span style=\"font-size: 10pt;\">\u00a0\u00a0\u00a0\u00a0\u00a0\u00a0\u00a0\u00a0\u00a0\u00a0\u00a0\u00a0\u00a0\u00a0\u00a0\u00a0\u00a0\u00a0\u00a0\u00a0\u00a0\u00a0\u00a0\u00a0 <span style=\"color: #ff0000;\">*<\/span> DVD.\u00a0\u00a0\u00a0\u00a0\u00a0\u00a0\u00a0\u00a0\u00a0\u00a0\u00a0\u00a0\u00a0\u00a0\u00a0\u00a0\u00a0\u00a0\u00a0\u00a0\u00a0\u00a0\u00a0\u00a0\u00a0\u00a0\u00a0\u00a0\u00a0\u00a0\u00a0\u00a0\u00a0\u00a0\u00a0\u00a0\u00a0\u00a0\u00a0\u00a0\u00a0\u00a0\u00a0\u00a0\u00a0\u00a0\u00a0\u00a0\u00a0\u00a0\u00a0\u00a0\u00a0\u00a0\u00a0\u00a0\u00a0\u00a0\u00a0\u00a0\u00a0\u00a0\u00a0\u00a0\u00a0\u00a0\u00a0\u00a0\u00a0\u00a0\u00a0\u00a0\u00a0\u00a0<\/span><\/p>\n<p><span style=\"font-size: 10pt;\">\u00a0\u00a0\u00a0\u00a0\u00a0\u00a0\u00a0\u00a0\u00a0\u00a0\u00a0\u00a0\u00a0\u00a0\u00a0\u00a0\u00a0\u00a0\u00a0\u00a0\u00a0\u00a0\u00a0<span style=\"color: #ff0000;\">\u00a0 *<\/span> DVD de cuentos y novelas en Lengua Inglesa. \u00a0<\/span><\/p>\n<p><span style=\"font-size: 10pt;\">\u00a0\u00a0\u00a0\u00a0\u00a0\u00a0\u00a0\u00a0\u00a0\u00a0\u00a0\u00a0\u00a0\u00a0\u00a0\u00a0\u00a0\u00a0\u00a0\u00a0\u00a0\u00a0\u00a0<span style=\"color: #ff0000;\">\u00a0\u00a0*\u00a0<\/span>DVD de fotograf\u00edas Institucional.\u00a0<\/span><\/p>\n<p><img decoding=\"async\" loading=\"lazy\" class=\"alignleft\" style=\"float: right; border: black 5px solid;\" src=\"https:\/\/ensalcira-cba.infd.edu.ar\/sitio\/wp-content\/uploads\/2018\/08\/imagen-audiovisual.jpg\" alt=\"\" width=\"200\" height=\"187\" border=\"0\" \/><\/p>\n","protected":false},"excerpt":{"rendered":"<p>La Biblioteca Escolar \u201cAtahualpa Yupanqui\u201d cuenta con: \u00a0Material Bibliogr\u00e1fico: * Obras de Referencia. \u00a0\u00a0\u00a0\u00a0\u00a0\u00a0\u00a0\u00a0\u00a0\u00a0\u00a0\u00a0\u00a0\u00a0\u00a0\u00a0\u00a0\u00a0\u00a0\u00a0\u00a0 * Libros de Estudio y Formaci\u00f3n. \u00a0\u00a0\u00a0\u00a0\u00a0\u00a0\u00a0\u00a0\u00a0\u00a0\u00a0\u00a0\u00a0\u00a0\u00a0\u00a0\u00a0\u00a0\u00a0\u00a0\u00a0 * Manuales para el Nivel Primario. \u00a0\u00a0\u00a0\u00a0\u00a0\u00a0\u00a0\u00a0\u00a0\u00a0\u00a0\u00a0\u00a0\u00a0\u00a0\u00a0\u00a0\u00a0\u00a0\u00a0\u00a0\u00a0* Obras para el Docente. \u00a0\u00a0\u00a0\u00a0\u00a0\u00a0\u00a0\u00a0\u00a0\u00a0\u00a0\u00a0\u00a0\u00a0\u00a0\u00a0\u00a0\u00a0\u00a0\u00a0\u00a0\u00a0* Publicaciones Peri\u00f3dicas. \u00a0\u00a0\u00a0\u00a0\u00a0\u00a0\u00a0\u00a0\u00a0\u00a0\u00a0\u00a0\u00a0\u00a0\u00a0\u00a0\u00a0\u00a0\u00a0\u00a0\u00a0\u00a0 * Documentos. \u00a0\u00a0\u00a0\u00a0\u00a0\u00a0\u00a0\u00a0\u00a0\u00a0\u00a0\u00a0\u00a0\u00a0\u00a0\u00a0\u00a0\u00a0\u00a0\u00a0\u00a0\u00a0\u00a0* Amplia colecci\u00f3n Literaria. \u00a0\u00a0\u00a0\u00a0\u00a0\u00a0\u00a0\u00a0\u00a0\u00a0\u00a0\u00a0\u00a0\u00a0\u00a0\u00a0\u00a0\u00a0\u00a0\u00a0\u00a0\u00a0 *\u00a0L\u00e1minas. \u00a0\u00a0\u00a0\u00a0\u00a0\u00a0\u00a0\u00a0\u00a0\u00a0\u00a0\u00a0\u00a0\u00a0\u00a0\u00a0\u00a0\u00a0\u00a0\u00a0\u00a0\u00a0\u00a0* Folletos. \u00a0Colecci\u00f3n Especial: * Colecci\u00f3n de Obras completas de cr\u00edtica &#8230; <a title=\"Colecci\u00f3n Bibliogr\u00e1fica\" class=\"read-more\" href=\"https:\/\/ensalcira-cba.infd.edu.ar\/sitio\/coleccion\/\" aria-label=\"More on Colecci\u00f3n Bibliogr\u00e1fica\">[+]<\/a><\/p>\n","protected":false},"author":86,"featured_media":0,"parent":0,"menu_order":0,"comment_status":"closed","ping_status":"closed","template":"","meta":[],"acf":[],"_links":{"self":[{"href":"https:\/\/ensalcira-cba.infd.edu.ar\/sitio\/wp-json\/wp\/v2\/pages\/1249"}],"collection":[{"href":"https:\/\/ensalcira-cba.infd.edu.ar\/sitio\/wp-json\/wp\/v2\/pages"}],"about":[{"href":"https:\/\/ensalcira-cba.infd.edu.ar\/sitio\/wp-json\/wp\/v2\/types\/page"}],"author":[{"embeddable":true,"href":"https:\/\/ensalcira-cba.infd.edu.ar\/sitio\/wp-json\/wp\/v2\/users\/86"}],"replies":[{"embeddable":true,"href":"https:\/\/ensalcira-cba.infd.edu.ar\/sitio\/wp-json\/wp\/v2\/comments?post=1249"}],"version-history":[{"count":3,"href":"https:\/\/ensalcira-cba.infd.edu.ar\/sitio\/wp-json\/wp\/v2\/pages\/1249\/revisions"}],"predecessor-version":[{"id":2235,"href":"https:\/\/ensalcira-cba.infd.edu.ar\/sitio\/wp-json\/wp\/v2\/pages\/1249\/revisions\/2235"}],"wp:attachment":[{"href":"https:\/\/ensalcira-cba.infd.edu.ar\/sitio\/wp-json\/wp\/v2\/media?parent=1249"}],"curies":[{"name":"wp","href":"https:\/\/api.w.org\/{rel}","templated":true}]}}