{"id":1222,"date":"2018-08-30T15:11:09","date_gmt":"2018-08-30T18:11:09","guid":{"rendered":"https:\/\/ensalcira-cba.infd.edu.ar\/sitio\/plan-de-estudios\/"},"modified":"2021-09-16T09:15:03","modified_gmt":"2021-09-16T12:15:03","slug":"plan-de-estudios","status":"publish","type":"page","link":"https:\/\/ensalcira-cba.infd.edu.ar\/sitio\/plan-de-estudios\/","title":{"rendered":"Plan de estudios"},"content":{"rendered":"\n<div class=\"wp-block-columns is-layout-flex wp-container-2\">\n<div class=\"wp-block-column is-layout-flow\" style=\"flex-basis:100%\">\n<p class=\"MsoNormal\" style=\"margin: 0cm 0cm 0pt;\">\u00a0<\/p>\n<p class=\"MsoNormal\" style=\"margin: 0cm 0cm 0pt;\"><span style=\"font-size: 9pt;\"><span style=\"font-family: Times New Roman;\"><img decoding=\"async\" loading=\"lazy\" style=\"display: block; margin-left: auto; margin-right: auto;\" title=\"Logo instituci\u00f3n\" src=\"https:\/\/ensalcira-cba.infd.edu.ar\/sitio\/wp-content\/uploads\/2018\/08\/LOGO_1.bmp\" alt=\"Logo instituci\u00f3n\" width=\"162\" height=\"179\" border=\"0\" \/> <\/span><\/span><\/p>\n<table style=\"margin-left: auto; margin-right: auto; width: 100%;\" border=\"0\">\n<tbody>\n<tr>\n<td style=\"width: 17.2247%;\"><span style=\"font-size: 12pt; color: #993366; font-family: 'arial black', 'avant garde';\"><strong><span style=\"text-decoration: underline;\">CARRERA:<\/span><\/strong><\/span><\/td>\n<td style=\"width: 77.7753%;\"><span style=\"font-size: 12pt; color: #993366; font-family: 'arial black', 'avant garde';\"><strong>Profesorado de Educaci\u00f3n Primaria<\/strong><\/span><\/td>\n<\/tr>\n<tr>\n<td style=\"width: 17.2247%;\"><span style=\"font-size: 12pt; color: #993366; font-family: 'arial black', 'avant garde';\"><strong><span style=\"text-decoration: underline;\">T\u00cdTULO:<\/span><\/strong><\/span><\/td>\n<td style=\"width: 77.7753%;\"><span style=\"font-size: 12pt; color: #993366; font-family: 'arial black', 'avant garde';\"><strong>Profesor de Educaci\u00f3n Primaria<\/strong><\/span><\/td>\n<\/tr>\n<tr>\n<td style=\"width: 17.2247%;\"><span style=\"font-size: 12pt; color: #993366; font-family: 'arial black', 'avant garde';\"><strong><span style=\"text-decoration: underline;\">DURACI\u00d3N:<\/span>\u00a0\u00a0<span style=\"text-decoration: underline;\"><br \/><\/span><\/strong><\/span><\/td>\n<td style=\"width: 77.7753%;\"><span style=\"font-size: 12pt; color: #993366; font-family: 'arial black', 'avant garde';\"><strong>4 a\u00f1os<\/strong><\/span><\/td>\n<\/tr>\n<\/tbody>\n<\/table>\n<p><span style=\"color: #99cc00;\"> <a href=\"https:\/\/ensalcira-cba.infd.edu.ar\/sitio\/wp-content\/uploads\/2021\/09\/Propuesta-Curricular.pdf\">Propuesta Curricular Profesorado de Educaci\u00f3n Primaria<\/a><\/span><\/p>\n<p>\u00a0<\/p>\n<p class=\"MsoNormal\" style=\"margin: 0cm 0cm 0pt; text-align: center;\">\u00a0<\/p>\n<p class=\"MsoNormal\" style=\"margin: 0cm 0cm 0pt; text-align: center;\">\u00a0<\/p>\n<p>\u00a0<\/p>\n\n\n\n<p><\/p>\n<\/div>\n<\/div>\n","protected":false},"excerpt":{"rendered":"<p>\u00a0 CARRERA: Profesorado de Educaci\u00f3n Primaria T\u00cdTULO: Profesor de Educaci\u00f3n Primaria DURACI\u00d3N:\u00a0\u00a0 4 a\u00f1os Propuesta Curricular Profesorado de Educaci\u00f3n Primaria \u00a0 \u00a0 \u00a0 \u00a0<\/p>\n","protected":false},"author":86,"featured_media":0,"parent":0,"menu_order":0,"comment_status":"closed","ping_status":"closed","template":"","meta":[],"acf":[],"_links":{"self":[{"href":"https:\/\/ensalcira-cba.infd.edu.ar\/sitio\/wp-json\/wp\/v2\/pages\/1222"}],"collection":[{"href":"https:\/\/ensalcira-cba.infd.edu.ar\/sitio\/wp-json\/wp\/v2\/pages"}],"about":[{"href":"https:\/\/ensalcira-cba.infd.edu.ar\/sitio\/wp-json\/wp\/v2\/types\/page"}],"author":[{"embeddable":true,"href":"https:\/\/ensalcira-cba.infd.edu.ar\/sitio\/wp-json\/wp\/v2\/users\/86"}],"replies":[{"embeddable":true,"href":"https:\/\/ensalcira-cba.infd.edu.ar\/sitio\/wp-json\/wp\/v2\/comments?post=1222"}],"version-history":[{"count":7,"href":"https:\/\/ensalcira-cba.infd.edu.ar\/sitio\/wp-json\/wp\/v2\/pages\/1222\/revisions"}],"predecessor-version":[{"id":2676,"href":"https:\/\/ensalcira-cba.infd.edu.ar\/sitio\/wp-json\/wp\/v2\/pages\/1222\/revisions\/2676"}],"wp:attachment":[{"href":"https:\/\/ensalcira-cba.infd.edu.ar\/sitio\/wp-json\/wp\/v2\/media?parent=1222"}],"curies":[{"name":"wp","href":"https:\/\/api.w.org\/{rel}","templated":true}]}}