{"id":1220,"date":"2018-08-30T15:11:09","date_gmt":"2018-08-30T18:11:09","guid":{"rendered":"https:\/\/ensalcira-cba.infd.edu.ar\/sitio\/docentes\/"},"modified":"2024-09-23T18:12:14","modified_gmt":"2024-09-23T21:12:14","slug":"docentes","status":"publish","type":"page","link":"https:\/\/ensalcira-cba.infd.edu.ar\/sitio\/docentes\/","title":{"rendered":"Docentes Nivel Superior"},"content":{"rendered":"<h4 style=\"text-align: center;\"><span style=\"color: #ff6600;\"><span style=\"text-decoration: underline;\"><em>Docentes de la carrera:<\/em><\/span><em> \u00ab<\/em>Profesorado de Educaci\u00f3n Primaria\u00bb.\u00a0 2024<\/span><\/h4>\n<p><span style=\"font-family: georgia, palatino; font-size: 14pt; color: #339966;\"><strong><span style=\"font-size: 12pt;\"><span style=\"color: #000000;\"><span style=\"color: #339966; font-family: verdana, geneva, sans-serif;\">ABELLO, Virginia Tatiana: <\/span><\/span><\/span><\/strong><span style=\"font-size: 12pt;\"><span style=\"color: #000000;\"><span style=\"color: #339966; font-family: verdana, geneva, sans-serif;\"><span style=\"color: #ff6600; font-family: georgia,palatino; font-size: 14pt;\"><span style=\"font-size: 12pt; color: #000000;\"><em>Profesora de Lengua y Literatura.<\/em><\/span><\/span><\/span><\/span><\/span><\/span><\/p>\n<p style=\"text-align: justify;\"><span style=\"color: #ff6600; font-family: georgia,palatino; font-size: 14pt;\"><span style=\"font-family: verdana, geneva, sans-serif;\"><span style=\"color: #339966;\"><strong><span style=\"font-size: 12pt;\">AG<\/span><\/strong><strong><span style=\"font-size: 12pt;\">HEMO,<\/span><\/strong><strong><span style=\"font-size: 12pt;\"> Laura Teresa:<\/span><\/strong><\/span><span style=\"font-size: 12pt; color: #000000;\">\u00a0<\/span><\/span><span style=\"font-size: 12pt; color: #000000;\"><em>Profesora en Ciencias de la Educaci\u00f3n &#8211; Profesora de Computaci\u00f3n para Nivel Medio.<\/em><\/span><\/span><\/p>\n<p><span style=\"font-family: georgia, palatino; font-size: 14pt; color: #339966;\"><strong><span style=\"font-size: 12pt;\"><span style=\"font-family: verdana, geneva, sans-serif;\">BARBERO, Mar\u00eda Guadalupe: <\/span><\/span><\/strong><span style=\"font-size: 12pt;\"><em><span style=\"color: #000000;\">Profesora en Lengua y Literatura<\/span><\/em><\/span><\/span><\/p>\n<p><strong><span style=\"color: #339966;\">BERNARDI, Natal\u00ed Gisela: <\/span><\/strong><span style=\"color: #339966;\"><span style=\"color: #000000;\"><em>Profesora en Ciencias Biol\u00f3gicas. Licenciada en Ciencias Biol\u00f3gicas.<\/em><\/span><\/span><\/p>\n<p style=\"text-align: justify;\"><span style=\"color: #339966; font-family: georgia, palatino; font-size: 14pt;\"><strong><span style=\"font-size: 12pt;\"><span style=\"font-family: verdana, geneva, sans-serif;\">BERTOLA, Joaqu\u00edn: <\/span><\/span><\/strong><span style=\"font-size: 12pt;\"><em><span style=\"color: #000000;\">Profesor en Psicolog\u00eda &#8211; Licenciado en Psicolog\u00eda &#8211; Especialista en Psicolog\u00eda Cl\u00ednica.\u00a0<\/span><\/em><\/span><\/span><\/p>\n<p style=\"text-align: justify;\"><span style=\"font-family: georgia, palatino; font-size: 14pt; color: #339966;\"><strong><span style=\"font-size: 12pt;\"><span style=\"font-family: verdana, geneva, sans-serif;\">BULLO, Romina Paola<em>:<\/em><\/span><\/span><\/strong><span style=\"font-size: 12pt;\">\u00a0<\/span><span style=\"font-size: 12pt;\"><em><span style=\"color: #000000;\">Profesora de Ingl\u00e9s.<\/span><\/em><\/span><\/span><\/p>\n<p style=\"text-align: justify;\"><span style=\"font-family: verdana, geneva, sans-serif; font-size: 14pt; color: #339966;\"><strong><span style=\"font-size: 12pt;\">BRICCA, Daniel Osvaldo:<\/span><\/strong><\/span><span style=\"font-family: georgia, palatino; font-size: 14pt; color: #339966;\"><span style=\"font-size: 12pt;\"><em><span style=\"color: #000000;\"> Profesor de Historia. Licenciado en Historia.<\/span><\/em><\/span><\/span><\/p>\n<p><span style=\"font-family: georgia, palatino; font-size: 14pt; color: #339966;\"><strong><span style=\"font-size: 12pt;\"><span style=\"color: #000000;\"><span style=\"color: #339966; font-family: verdana, geneva, sans-serif;\">CANALE, Dayana Gisel: <\/span><\/span><\/span><\/strong><span style=\"font-size: 12pt;\"><span style=\"color: #000000;\"><span style=\"color: #339966; font-family: verdana, geneva, sans-serif;\"><span style=\"color: #ff6600; font-family: georgia,palatino; font-size: 14pt;\"><span style=\"font-size: 12pt; color: #000000;\"><em>Profesora en Matem\u00e1tica.<\/em><\/span><\/span><\/span><\/span><\/span><\/span><\/p>\n<p style=\"text-align: justify;\"><span style=\"font-family: georgia, palatino; font-size: 14pt; color: #339966;\"><strong><span style=\"font-size: 12pt;\"><span style=\"color: #000000; font-family: verdana, geneva, sans-serif;\"><span style=\"color: #339966;\">CHIOFALO, Ma. Amelia: <\/span><\/span><\/span><\/strong><span style=\"font-size: 12pt;\"><em><span style=\"color: #000000;\"><span style=\"color: #000000;\">Procuradora. Abogada. Especialista en Poder Mundial y Derecho Internacional. Especialista en Gesti\u00f3n y Pol\u00edticas P\u00fablicas. Especialista en Mediaci\u00f3n. Diplomada en Formaci\u00f3n Pedag\u00f3gica para Profesionales. Diplomada Superior en Ciencias Sociales con menci\u00f3n en Gesti\u00f3n de las Instituciones Educativas. Mag\u00edster en Pol\u00edticas y Gesti\u00f3n del Desarrollo Local.\u00a0<\/span><\/span><\/em><\/span><\/span><\/p>\n<p><span style=\"font-family: georgia, palatino; font-size: 14pt; color: #339966;\"><strong><span style=\"font-size: 12pt;\"><span style=\"font-family: verdana, geneva, sans-serif;\">CORREA, Leonardo Daniel: <\/span><\/span><\/strong><span style=\"font-size: 12pt;\"><em><span style=\"color: #000000;\">Licenciado en Sociolog\u00eda.<\/span><\/em><\/span><\/span><\/p>\n<p style=\"text-align: left;\"><span style=\"font-family: georgia, palatino; font-size: 14pt; color: #339966;\"><strong><span style=\"font-size: 12pt;\"><span style=\"font-family: verdana, geneva, sans-serif;\"><span style=\"color: #000000;\"><span style=\"color: #339966;\">DALERBA, Laura Beatriz: <\/span><\/span><\/span><\/span><\/strong><span style=\"font-size: 12pt;\"><span style=\"color: #000000;\"><em>Profesora en Ciencias Biol\u00f3gicas &#8211; Licenciada en Ciencias Biol\u00f3gicas.\u00a0<\/em><\/span><\/span><\/span><\/p>\n<p><span style=\"color: #339966;\"><strong>DE LA TORRE, D\u00e9bora Bel\u00e9n<\/strong><em><strong>:\u00a0<\/strong><span style=\"color: #000000;\">Profesora en Historia &#8211; Licenciada en Historia.<\/span><\/em><\/span><\/p>\n<p><span style=\"font-family: georgia, palatino; font-size: 14pt; color: #339966;\"><strong><span style=\"font-size: 12pt;\"><span style=\"font-family: verdana, geneva, sans-serif;\">DOSZEL, Anabela: <\/span><\/span><\/strong><span style=\"font-size: 12pt;\"><em><span style=\"color: #000000;\">Profesora en Ciencias Jur\u00eddicas, Pol\u00edticas y Sociales.<\/span><\/em><\/span><\/span><\/p>\n<p style=\"text-align: left;\"><span style=\"font-family: georgia, palatino; font-size: 14pt; color: #339966;\"><strong><span style=\"font-size: 12pt;\"><span style=\"font-family: verdana, geneva, sans-serif;\">FERRERO, Gabriela Virginia:<\/span><\/span><\/strong><span style=\"font-size: 12pt;\"><span style=\"color: #000000;\"><em> Maestra de Educaci\u00f3n F\u00edsica. Profesora en Educaci\u00f3n F\u00edsica con especialidad deportiva. Licenciada en Educaci\u00f3n F\u00edsica.<\/em><\/span><\/span><\/span><\/p>\n<p><span style=\"font-family: georgia, palatino; font-size: 14pt; color: #339966;\"><strong><span style=\"font-size: 12pt;\"><span style=\"font-family: verdana, geneva, sans-serif;\">FUMERO, Julieta: <\/span><\/span><\/strong><span style=\"font-size: 12pt;\"><em><span style=\"color: #000000;\">Licenciada en Ciencias de la Educaci\u00f3n<\/span><\/em><\/span><\/span><\/p>\n<p><span style=\"font-family: georgia, palatino; font-size: 14pt; color: #339966;\"><strong><span style=\"font-size: 12pt;\"><span style=\"color: #000000;\"><span style=\"color: #339966; font-family: verdana, geneva, sans-serif;\">GUALTIERI, Dayana Soledad: <\/span><\/span><\/span><\/strong><span style=\"color: #000000;\"><em><span style=\"font-size: 12pt;\"><span style=\"font-family: verdana, geneva, sans-serif;\">Profesora de Ingl\u00e9s.<\/span><\/span><\/em><\/span><\/span><\/p>\n<p><span style=\"font-family: georgia, palatino; font-size: 14pt; color: #339966;\"><strong><span style=\"font-size: 12pt;\"><span style=\"color: #000000;\"><span style=\"color: #339966; font-family: verdana, geneva, sans-serif;\">JAIME, Omar Antonio:<\/span><\/span><\/span><\/strong><span style=\"font-size: 12pt;\"><span style=\"color: #000000;\"><em> Profesor en Ciencias de la Educaci\u00f3n. Profesor en Ense\u00f1anza Primaria. Profesor Coordinador de Ciclos.<\/em><\/span><\/span><\/span><\/p>\n<p><span style=\"font-family: georgia, palatino; font-size: 14pt; color: #339966;\"><strong><span style=\"font-size: 12pt;\"><span style=\"color: #000000;\"><span style=\"color: #339966; font-family: verdana, geneva, sans-serif;\">LO RE, Roque Luis: <\/span><\/span><\/span><\/strong><span style=\"font-size: 12pt;\"><span style=\"color: #000000;\"><span style=\"color: #339966; font-family: verdana, geneva, sans-serif;\"><span style=\"color: #ff6600; font-family: georgia,palatino; font-size: 14pt;\"><span style=\"font-size: 12pt; color: #000000;\"><em>Profesor en Lengua y Literatura.<\/em><\/span><\/span><\/span><\/span><\/span><\/span><\/p>\n<p style=\"text-align: justify;\"><span style=\"font-family: georgia, palatino; font-size: 14pt; color: #339966;\"><strong><span style=\"font-size: 12pt;\"><span style=\"color: #000000;\"><span style=\"color: #339966; font-family: verdana, geneva, sans-serif;\">LUCERO, Silvana del Rosario: <\/span><\/span><\/span><\/strong><span style=\"font-size: 12pt;\"><span style=\"color: #000000;\"><em>Profesora Universitaria en Ciencias de la Educaci\u00f3n &#8211; Licenciada en Ciencias de la Educaci\u00f3n &#8211; Especialista Docente de Nivel Superior en Educaci\u00f3n y TIC.\u00a0<\/em><\/span><\/span><\/span><\/p>\n<p style=\"text-align: justify;\"><span style=\"font-family: verdana, geneva, sans-serif; font-size: 14pt; color: #339966;\"><strong><span style=\"font-size: 12pt;\">SCOPPA, Ma. Silvia:<\/span><\/strong><\/span><span style=\"font-family: georgia, palatino; font-size: 14pt; color: #339966;\"><span style=\"font-size: 12pt;\"><em><span style=\"color: #000000;\"> Maestra de Artes Pl\u00e1sticas. Profesora en Dibujo y Pintura.<\/span><\/em><\/span><\/span><\/p>\n<p><span style=\"font-family: georgia, palatino; font-size: 14pt; color: #339966;\"><strong><span style=\"font-size: 12pt;\"><span style=\"font-family: verdana, geneva, sans-serif;\">SUAREZ, Luis Bruno:<\/span><\/span><\/strong> <span style=\"font-size: 12pt;\"><em><span style=\"color: #000000;\">Comunicador Social.<\/span><\/em><\/span><\/span><\/p>\n<p><strong><span style=\"color: #339966;\">TREFS, Mar\u00eda Fabricia:<\/span><\/strong><span style=\"color: #339966;\">\u00a0<em><span style=\"color: #000000;\">Profesora en Ciencias Biol\u00f3gicas.<\/span><\/em><\/span><\/p>\n<p style=\"text-align: justify;\">\u00a0<\/p>\n<h4 style=\"text-align: center;\"><span style=\"color: #ff6600;\"><span style=\"text-decoration: underline;\"><em>Docentes de la carrera A T\u00c9RMINO:<\/em><\/span><em> \u00abTecnicatura Superior en Higiene y <\/em><\/span><\/h4>\n<h4 style=\"text-align: center;\"><span style=\"color: #ff6600;\"><em>Seguridad en el Trabajo<\/em>\u00ab. Cohorte 2023<\/span><\/h4>\n<p><span style=\"font-family: georgia, palatino; font-size: 14pt; color: #339966;\"><span style=\"font-size: 12pt;\"><span style=\"color: #000000;\"><span style=\"color: #339966;\"><strong><span style=\"font-family: verdana, geneva, sans-serif;\">ALFONSO, Hugo Diego: <\/span><\/strong><em><span style=\"font-family: verdana, geneva, sans-serif;\"><span style=\"color: #000000;\">Licenciado en Higiene y Seguridad en el Trabajo.<\/span><\/span><\/em><\/span><\/span><\/span><\/span><\/p>\n<p><span style=\"color: #339966;\"><b>G\u00d3MEZ, Marcos Ra\u00fal Bautista: <\/b><em><span style=\"color: #000000;\">T\u00e9cnico Superior en Higiene y Seguridad en el Trabajo\u00a0<\/span><\/em><\/span><\/p>\n<p><span style=\"color: #339966;\"><strong>BERTOLA, Joaqu\u00edn:<\/strong><\/span> <span style=\"color: #339966; font-family: georgia, palatino; font-size: 14pt;\"><span style=\"font-size: 12pt;\"><em><span style=\"color: #000000;\">Profesor en Psicolog\u00eda &#8211; Licenciado en Psicolog\u00eda &#8211; Especialista en Psicolog\u00eda Cl\u00ednica.\u00a0<\/span><\/em><\/span><\/span><\/p>\n<p><span style=\"font-family: georgia, palatino; font-size: 14pt; color: #339966;\"><strong><span style=\"font-size: 12pt;\"><span style=\"font-family: verdana, geneva, sans-serif;\">RIMUNDA, Valeria Soledad: <\/span><\/span><\/strong><\/span><span style=\"font-family: georgia, palatino; font-size: 14pt; color: #339966;\"><span style=\"font-size: 12pt;\"><em><span style=\"color: #000000;\">T\u00e9cnica Superior en Traducci\u00f3n de Ingl\u00e9s.<\/span><\/em><\/span><\/span><\/p>\n<p>\u00a0<\/p>\n<p><span style=\"color: #ff6600;\"><strong>PRECEPTORA:<\/strong><\/span><\/p>\n<p style=\"text-align: justify;\"><span style=\"font-family: georgia, palatino; font-size: 14pt; color: #339966;\"><strong><span style=\"font-size: 12pt;\"><span style=\"font-family: verdana, geneva, sans-serif;\">FARICELLI, Luciana:<\/span><\/span><\/strong><span style=\"font-size: 12pt;\">\u00a0<\/span><span style=\"font-size: 12pt;\"><em><span style=\"color: #000000;\">Profesora de Primero y Segundo Ciclo de la E.G.B. &#8211; Licenciada en Educaci\u00f3n Primaria &#8211; Licenciada en Ense\u00f1anza de las Ciencias del Ambiente\u00a0<\/span><\/em><\/span><\/span><\/p>\n<p>\u00a0<\/p>\n<p><span style=\"color: #ff6600;\"><strong>BIBLIOTECARIA:<\/strong><\/span><\/p>\n<p><span style=\"font-family: georgia, palatino; font-size: 14pt; color: #339966;\"><strong><span style=\"font-size: 12pt;\"><span style=\"font-family: verdana, geneva, sans-serif;\">VIALE, Mar\u00eda Noelia: <\/span><\/span><\/strong><span style=\"font-size: 12pt;\"><em><span style=\"color: #000000;\">Profesora de Educaci\u00f3n Primaria &#8211; T\u00e9cnica Superior en Bibliotecolog\u00eda con orientaci\u00f3n socioeducativa.<\/span><\/em><\/span><\/span><\/p>\n<p><span style=\"font-family: georgia, palatino; font-size: 14pt; color: #339966;\"><strong><span style=\"font-size: 12pt;\"><span style=\"font-family: verdana, geneva, sans-serif;\">PRON, Vilma Esther: <\/span><\/span><\/strong><span style=\"font-size: 12pt;\"><em><span style=\"color: #000000;\">Bibliotecaria.<\/span><\/em><\/span><\/span><\/p>\n<p>\u00a0<\/p>\n\n\n<p><\/p>\n","protected":false},"excerpt":{"rendered":"<p>Docentes de la carrera: \u00abProfesorado de Educaci\u00f3n Primaria\u00bb.\u00a0 2024 ABELLO, Virginia Tatiana: Profesora de Lengua y Literatura. AGHEMO, Laura Teresa:\u00a0Profesora en Ciencias de la Educaci\u00f3n &#8211; Profesora de Computaci\u00f3n para Nivel Medio. BARBERO, Mar\u00eda Guadalupe: Profesora en Lengua y Literatura BERNARDI, Natal\u00ed Gisela: Profesora en Ciencias Biol\u00f3gicas. Licenciada en Ciencias Biol\u00f3gicas. BERTOLA, Joaqu\u00edn: Profesor en &#8230; <a title=\"Docentes Nivel Superior\" class=\"read-more\" href=\"https:\/\/ensalcira-cba.infd.edu.ar\/sitio\/docentes\/\" aria-label=\"More on Docentes Nivel Superior\">[+]<\/a><\/p>\n","protected":false},"author":86,"featured_media":0,"parent":0,"menu_order":0,"comment_status":"closed","ping_status":"closed","template":"","meta":[],"acf":[],"_links":{"self":[{"href":"https:\/\/ensalcira-cba.infd.edu.ar\/sitio\/wp-json\/wp\/v2\/pages\/1220"}],"collection":[{"href":"https:\/\/ensalcira-cba.infd.edu.ar\/sitio\/wp-json\/wp\/v2\/pages"}],"about":[{"href":"https:\/\/ensalcira-cba.infd.edu.ar\/sitio\/wp-json\/wp\/v2\/types\/page"}],"author":[{"embeddable":true,"href":"https:\/\/ensalcira-cba.infd.edu.ar\/sitio\/wp-json\/wp\/v2\/users\/86"}],"replies":[{"embeddable":true,"href":"https:\/\/ensalcira-cba.infd.edu.ar\/sitio\/wp-json\/wp\/v2\/comments?post=1220"}],"version-history":[{"count":30,"href":"https:\/\/ensalcira-cba.infd.edu.ar\/sitio\/wp-json\/wp\/v2\/pages\/1220\/revisions"}],"predecessor-version":[{"id":3293,"href":"https:\/\/ensalcira-cba.infd.edu.ar\/sitio\/wp-json\/wp\/v2\/pages\/1220\/revisions\/3293"}],"wp:attachment":[{"href":"https:\/\/ensalcira-cba.infd.edu.ar\/sitio\/wp-json\/wp\/v2\/media?parent=1220"}],"curies":[{"name":"wp","href":"https:\/\/api.w.org\/{rel}","templated":true}]}}